{"id":4223,"date":"2019-05-22T15:29:21","date_gmt":"2019-05-22T15:29:21","guid":{"rendered":"https:\/\/aliciadiago.com\/particulares\/aviso-legal-2\/"},"modified":"2019-05-22T15:29:21","modified_gmt":"2019-05-22T15:29:21","slug":"aviso-legal-2","status":"publish","type":"page","link":"https:\/\/aliciadiago.com\/particulares\/aviso-legal-2\/","title":{"rendered":"Aviso legal"},"content":{"rendered":"<p><!-- \/WhatsHelp.io widget --><br \/>\n&nbsp;\t\t<\/p>\n<h2>AVISO LEGAL<\/h2>\n<p>\u00a0<\/p>\n<p>En cumplimiento del Reglamento Europeo 2016\/679 del 27 de abril (RGPD), de Protecci\u00f3n de Datos de Car\u00e1cter Personal, Alicia Diago, facilita a sus consumidores y usuarios los siguientes datos de car\u00e1cter empresarial: que su NIF es el n\u00ba 73378269N, y que su domicilio social es el sito en Av. Ildefonso<br \/>Aleu, n\u00ba 9 A, de Sant Mateu, C.P. 12170 (Castell\u00f3n).<\/p>\n<p>1<b>. DE LA PROTECCI\u00d3N DE DATOS:<\/b><br \/>Es de aplicaci\u00f3n el Reglamento Europeo 2016\/679 27 de abril (RGPD), de Protecci\u00f3n de Datos de Car\u00e1cter Personal. Como consecuencia de su<br \/>aplicaci\u00f3n, le informamos que sus datos est\u00e1n incorporados en nuestras bases de datos con la finalidad de enviarle informaci\u00f3n comercial peri\u00f3dica sobre<br \/>nuestros productos \/ servicios y necesitamos que acepte de nuevo nuestra pol\u00edtica de privacidad para poder seguir envi\u00e1ndole comunicados de acuerdo a<br \/>la legislaci\u00f3n vigente en materia de protecci\u00f3n de datos.<br \/>Le informamos que puede ejercer los derechos de acceso, rectificaci\u00f3n, oposici\u00f3n, limitaciones y, en su caso, la portabilidad o cancelaci\u00f3n<br \/>comunic\u00e1ndolo a la direcci\u00f3n\u00a0\u00a0info@aliciadiago.com con indicaci\u00f3n de sus datos.<\/p>\n<p><b>2. RESPONSABILIDAD:<br \/><\/b>Le informamos que los datos personales que usted nos ha proporcionado son incorporados en un Tratamiento de datos personales denominado CLIENTES-<br \/>PROVEEDORES bajo responsabilidad de Alicia Diago. Podr\u00e1 contactar con el responsable bien por tel\u00e9fono al n\u00famero 649478983 o bien mediante correo electr\u00f3nico a \u00a0info@aliciadiago.com.<\/p>\n<p><b>3.FINALIDAD:<\/b><br \/>\uf0b7 Env\u00edo de informaci\u00f3n solicitada y gesti\u00f3n de suscripciones.<br \/>\uf0b7 Legitimaci\u00f3n: Consentimiento del interesado.<br \/>\uf0b7 Destinatarios: Plataforma de Env\u00edo de newsletters que recibir\u00e1 datos para gestionar los suscripciones<br \/>\uf0b7 Derechos: A Acceder, rectificar y suprimir los dos, as\u00ed como los otros detallados en la pol\u00edtica de privacidad.<\/p>\n<p>\u00a0<\/p>\n<p><b>4. DILIGENCIA DEL USUARIO\/CLIENTE:<br \/><\/b>Por la propia naturaleza del Sitio Web y de aplicaci\u00f3n m\u00f3vil, de su contenido y finalidad, la navegaci\u00f3n a trav\u00e9s de la misma se puede hacer sin necesidad de<br \/>tener la condici\u00f3n de usuario registrado. Sin embargo, en estos casos, Alicia Diago, tambi\u00e9n desea cumplir con sus obligaciones legales y regular su uso,<br \/>por lo que, en estos casos, los usuarios aceptan que, por el hecho de acceder a las citadas p\u00e1ginas, quedan sometidos a los t\u00e9rminos y condiciones<br \/>recogidos en estas Condiciones Generales, en la medida que les sea de aplicaci\u00f3n.<\/p>\n<p>Alicia Diago, declara haber adoptado todas las medidas necesarias para evitar cualquier da\u00f1o a los usuarios de su sitio web, que pudieran derivarse de la<br \/>navegaci\u00f3n por su sitio web. En consecuencia, Alicia Diago, no se hace responsable, en ning\u00fan caso, de los eventuales da\u00f1os que por la navegaci\u00f3n<br \/>por Internet pudiera sufrir el usuario<br \/>El sitio web de Alicia Diago proporciona gran diversidad de informaci\u00f3n, servicios y datos. El usuario asume su responsabilidad en el uso correcto del<br \/>sitio web. Esta responsabilidad se extender\u00e1 a:<br \/>\uf0b7 La veracidad y licitud de las informaciones aportadas por el usuario en los formularios extendidos para el acceso a ciertos contenidos o<br \/>servicios ofrecidos por el web.<br \/>\uf0b7 El uso de la informaci\u00f3n, servicios y datos ofrecidos contrariamente a lo dispuesto por las presentes condiciones, la Ley, la moral, las<br \/>buenas costumbres o el orden p\u00fablico, o que de cualquier otro modo puedan suponer lesi\u00f3n de los derechos de terceros o del mismo funcionamiento del sitio web.<\/p>\n<p><b>5. DE LA PROPIEDAD INDUSTRIAL E INTELECTUAL:<\/b><br \/>Alicia Diago se reserva la facultad de modificar, suspender, cancelar o restringir el contenido de la web y de la aplicaci\u00f3n m\u00f3vil, as\u00ed como los v\u00ednculos o la<br \/>informaci\u00f3n obtenida a trav\u00e9s de ella, sin necesidad de previo aviso. \u00c9sta, en ning\u00fan caso, se compromete por la incorrecta utilizaci\u00f3n que pueda llevar a<br \/>cabo el usuario. Y tampoco le ser\u00e1 imputable el perjuicio, las p\u00e9rdidas, reclamaciones o gastos del uso y\/o difusi\u00f3n de la web y aplicaci\u00f3n m\u00f3vil, de<br \/>sus virus inform\u00e1ticos, de fallos operativos o interrupciones en el servicio o transmisi\u00f3n, o de errores en la l\u00ednea durante su uso, tanto por conexi\u00f3n directa<br \/>como por v\u00ednculo u otro medio; constituyendo a todos los efectos legales un aviso a usuarios de que estas posibilidades y sucesos pueden ocurrir.<\/p>\n<p>Asimismo no responde de las webs y aplicaciones m\u00f3viles no propias a las que pueda acceder mediante enlaces, o de aquellos contenidos puestos a<br \/>disposici\u00f3n de terceros.<\/p>\n<p>Esta web y aplicaci\u00f3n para m\u00f3vil es propiedad de Alicia Diago. Los derechos de propiedad intelectual y derechos de explotaci\u00f3n y reproducci\u00f3n sobre la<br \/>p\u00e1gina, sus pantallas, la informaci\u00f3n que en ellas se contiene, su apariencia y dise\u00f1o, o sus enlaces, son propiedad exclusiva de \u00e9sta salvo que<br \/>expresamente se especifique otra cosa. Cualquier denominaci\u00f3n, dise\u00f1o y\/o logotipo, son marcas debidamente registradas por la empresa o, en su caso,<br \/>por terceros autorizados. El uso indebido de las mismas por personas diferentes a su leg\u00edtima titular, y sin su consentimiento expreso e inequ\u00edvoco,<br \/>podr\u00e1 ser denunciado en los Tribunales.<\/p>\n<p>Queda expresamente prohibido reproducir, transmitir, modificar o suprimir la informaci\u00f3n, contenido o advertencias de la web y aplicaci\u00f3n m\u00f3vil sin previa<br \/>autorizaci\u00f3n por escrito, de acuerdo con lo establecido por el Real Decreto Legislativo 1\/1996, de 12 de abril, por el que se aprueba el Texto Refundido de<br \/>la Ley de Propiedad Intelectual; aun cuando la reproducci\u00f3n fuere parcial, y trat\u00e1ndose de cualesquiera medios o procedimientos, digital o impreso, siendo<br \/>para uso personal o profesional.<\/p>\n<p><b>6. DEL CORRECTO USO DE LA P\u00c1GINA:<\/b><br \/>El usuario se obliga a usar este sitio web y aplicaci\u00f3n m\u00f3vil, de forma diligente y correcta, de acuerdo a la Ley, la moral, los buenos usos y costumbres, al<br \/>orden p\u00fablico, la buena fe y estas condiciones generales de uso, con total respeto a los derechos de propiedad intelectual que corresponden a la<br \/>empresa.<\/p>\n<p><b>7. DE LAS NOTIFICACIONES:<br \/><\/b>Finalmente, todas las notificaciones, requerimientos, peticiones y otras comunicaciones que hayan de efectuarse por las partes en relaci\u00f3n con los<br \/>presentes t\u00e9rminos de usos, deber\u00e1n realizarse por escrito y se entender\u00e1 que han sido debidamente notificadas siempre que hayan sido entregadas por<br \/>cualquier de los m\u00e9todos fehacientes aceptados en Derecho.<\/p>\n<p><b>8. DE LA LEY APLICABLE Y LA JURISDICCI\u00d3N:<br \/><\/b>Las presentes condiciones generales se rigen por la Legislaci\u00f3n espa\u00f1ola, siendo competentes los Juzgados y Tribunales de la ciudad de Barcelona para<br \/>conocer de cuantas cuestiones se susciten sobre la interpretaci\u00f3n, aplicaci\u00f3n y cumplimiento de las mismas. El usuario, en virtud de su aceptaci\u00f3n a las<br \/>condiciones generales recogidas en este aviso legal, renuncia expresamente a cualquier fuero que, por aplicaci\u00f3n de la Ley de Enjuiciamiento Civil vigente<br \/>pudiera corresponderle.<\/p>\n<p>\t\t\t\t\t\t\t\t\t\t\t\t\t\t\t<img loading=\"lazy\" decoding=\"async\" width=\"150\" height=\"150\" src=\"https:\/\/aliciadiago.com\/particulares\/wp-content\/uploads\/sites\/4\/2020\/03\/alicia-diago-coach-personal-mindfulness-burnout-parental-corona-virus-gestion-miedo-ansiedad-incertidumbre-emocional-online-practica-atencion-pensamiento-de-lo-que-se-piensa-se-cria-3.jpgwp-content\/uploads\/sites\/4\/2022\/08\/Post-de-instagram-empoderamiento-femenino-amor-propio-rosa-azul-1.pngwp-content\/uploads\/sites\/4\/2022\/08\/Post-de-instagram-empoderamiento-femenino-amor-propio-rosa-azul.pngwp-content\/uploads\/2020\/10\/S%C3%8DMBOL_3-1-150x150.png\" alt=\"\" loading=\"lazy\" \/>\t\t\t\t\t\t\t\t\t\t\t\t\t\t\t<\/p>\n<h2>Alicia Diago, Terapeuta Gestalt, Coach Personal (PNL), especialista en Mindfulness y formadora de formadores.<\/p>\n<p>Direcci\u00f3n. Av, Carrer del Pare Ildefonso Aleu, 9A, 12170 Sant Mateu, Castell\u00f3n. <br \/>Tel\u00e9fono: 649 47 89 83<\/h2>\n<p>\t\t\t\t\t<a href=\"https:\/\/www.facebook.com\/aliciadiagocoach\/\" target=\"_blank\" rel=\"noopener noreferrer\"><br \/>\n\t\t\t\t\t\tFacebook<br \/>\n\t\t\t\t\t\t\t\t\t\t\t<\/a><br \/>\n\t\t\t\t\t<a href=\"https:\/\/www.instagram.com\/aliciadiagocoach\/?hl=es\" target=\"_blank\" rel=\"noopener noreferrer\"><br \/>\n\t\t\t\t\t\tInstagram<br \/>\n\t\t\t\t\t\t\t\t\t\t\t<\/a><\/p>\n<p style=\"text-align: center\"><a style=\"color: #ffffff\" href=\"https:\/\/aliciadiago.com\/particulares\/wp-content\/uploads\/sites\/4\/2020\/03\/alicia-diago-coach-personal-mindfulness-burnout-parental-corona-virus-gestion-miedo-ansiedad-incertidumbre-emocional-online-practica-atencion-pensamiento-de-lo-que-se-piensa-se-cria-3.jpgwp-content\/uploads\/sites\/4\/2022\/08\/Post-de-instagram-empoderamiento-femenino-amor-propio-rosa-azul-1.pngwp-content\/uploads\/sites\/4\/2022\/08\/Post-de-instagram-empoderamiento-femenino-amor-propio-rosa-azul.pngpolitica-de-privacidad\/\">Pol\u00edtica de Privacidad<\/a>&#8211; <a style=\"color: #ffffff\" href=\"https:\/\/aliciadiago.com\/particulares\/wp-content\/uploads\/sites\/4\/2020\/03\/alicia-diago-coach-personal-mindfulness-burnout-parental-corona-virus-gestion-miedo-ansiedad-incertidumbre-emocional-online-practica-atencion-pensamiento-de-lo-que-se-piensa-se-cria-3.jpgwp-content\/uploads\/sites\/4\/2022\/08\/Post-de-instagram-empoderamiento-femenino-amor-propio-rosa-azul-1.pngwp-content\/uploads\/sites\/4\/2022\/08\/Post-de-instagram-empoderamiento-femenino-amor-propio-rosa-azul.pngaviso-legal\/\">Aviso Legal<\/a>&#8211; <a style=\"color: #ffffff\" href=\"https:\/\/aliciadiago.com\/particulares\/wp-content\/uploads\/sites\/4\/2020\/03\/alicia-diago-coach-personal-mindfulness-burnout-parental-corona-virus-gestion-miedo-ansiedad-incertidumbre-emocional-online-practica-atencion-pensamiento-de-lo-que-se-piensa-se-cria-3.jpgwp-content\/uploads\/sites\/4\/2022\/08\/Post-de-instagram-empoderamiento-femenino-amor-propio-rosa-azul-1.pngwp-content\/uploads\/sites\/4\/2022\/08\/Post-de-instagram-empoderamiento-femenino-amor-propio-rosa-azul.pngpolitica-de-privacidad\/\">Cookies<\/a><\/p>\n<h2>\u00a9 2022 Alicia Diago | Terapeuta Gestalt especialista en gesti\u00f3n del estr\u00e9s y la ansiedad. Todos los derechos reservados. Alicia Diago<br \/>\n<\/h2>\n","protected":false},"excerpt":{"rendered":"<p>&nbsp; AVISO LEGAL \u00a0 En cumplimiento del Reglamento Europeo 2016\/679 del 27 de abril (RGPD), de Protecci\u00f3n de Datos de Car\u00e1cter Personal, Alicia Diago, facilita a<span class=\"excerpt-hellip\"> [\u2026]<\/span><\/p>\n","protected":false},"author":1,"featured_media":0,"parent":0,"menu_order":0,"comment_status":"closed","ping_status":"closed","template":"","meta":{"_uag_custom_page_level_css":"","footnotes":""},"class_list":["post-4223","page","type-page","status-publish","hentry"],"yoast_head":"<!-- This site is optimized with the Yoast SEO plugin v26.4 - https:\/\/yoast.com\/wordpress\/plugins\/seo\/ -->\n<title>Aviso legal - Alicia Diago | Particulares<\/title>\n<meta name=\"robots\" content=\"index, follow, max-snippet:-1, max-image-preview:large, max-video-preview:-1\" \/>\n<link rel=\"canonical\" href=\"https:\/\/aliciadiago.com\/particulares\/aviso-legal-2\/\" \/>\n<meta property=\"og:locale\" content=\"es_ES\" \/>\n<meta property=\"og:type\" content=\"article\" \/>\n<meta property=\"og:title\" content=\"Aviso legal - Alicia Diago | Particulares\" \/>\n<meta property=\"og:description\" content=\"&nbsp; AVISO LEGAL \u00a0 En cumplimiento del Reglamento Europeo 2016\/679 del 27 de abril (RGPD), de Protecci\u00f3n de Datos de Car\u00e1cter Personal, Alicia Diago, facilita a [\u2026]\" \/>\n<meta property=\"og:url\" content=\"https:\/\/aliciadiago.com\/particulares\/aviso-legal-2\/\" \/>\n<meta property=\"og:site_name\" content=\"Alicia Diago | Particulares\" \/>\n<meta property=\"og:image\" content=\"https:\/\/aliciadiago.com\/particulares\/wp-content\/uploads\/sites\/4\/2022\/08\/Post-de-instagram-empoderamiento-femenino-amor-propio-rosa-azul-1.pngwp-content\/uploads\/sites\/4\/2022\/08\/Post-de-instagram-empoderamiento-femenino-amor-propio-rosa-azul.pngwp-content\/uploads\/2020\/10\/S%C3%8DMBOL_3-1-150x150.png\" \/>\n<meta name=\"twitter:card\" content=\"summary_large_image\" \/>\n<meta name=\"twitter:label1\" content=\"Tiempo de lectura\" \/>\n\t<meta name=\"twitter:data1\" content=\"6 minutos\" \/>\n<script type=\"application\/ld+json\" class=\"yoast-schema-graph\">{\"@context\":\"https:\/\/schema.org\",\"@graph\":[{\"@type\":\"WebPage\",\"@id\":\"https:\/\/aliciadiago.com\/particulares\/aviso-legal-2\/\",\"url\":\"https:\/\/aliciadiago.com\/particulares\/aviso-legal-2\/\",\"name\":\"Aviso legal - Alicia Diago | Particulares\",\"isPartOf\":{\"@id\":\"https:\/\/aliciadiago.com\/particulares\/#website\"},\"primaryImageOfPage\":{\"@id\":\"https:\/\/aliciadiago.com\/particulares\/aviso-legal-2\/#primaryimage\"},\"image\":{\"@id\":\"https:\/\/aliciadiago.com\/particulares\/aviso-legal-2\/#primaryimage\"},\"thumbnailUrl\":\"https:\/\/aliciadiago.com\/particulares\/wp-content\/uploads\/sites\/4\/2020\/03\/alicia-diago-coach-personal-mindfulness-burnout-parental-corona-virus-gestion-miedo-ansiedad-incertidumbre-emocional-online-practica-atencion-pensamiento-de-lo-que-se-piensa-se-cria-3.jpgwp-content\/uploads\/sites\/4\/2022\/08\/Post-de-instagram-empoderamiento-femenino-amor-propio-rosa-azul-1.pngwp-content\/uploads\/sites\/4\/2022\/08\/Post-de-instagram-empoderamiento-femenino-amor-propio-rosa-azul.pngwp-content\/uploads\/2020\/10\/S%C3%8DMBOL_3-1-150x150.png\",\"datePublished\":\"2019-05-22T15:29:21+00:00\",\"breadcrumb\":{\"@id\":\"https:\/\/aliciadiago.com\/particulares\/aviso-legal-2\/#breadcrumb\"},\"inLanguage\":\"es\",\"potentialAction\":[{\"@type\":\"ReadAction\",\"target\":[\"https:\/\/aliciadiago.com\/particulares\/aviso-legal-2\/\"]}]},{\"@type\":\"ImageObject\",\"inLanguage\":\"es\",\"@id\":\"https:\/\/aliciadiago.com\/particulares\/aviso-legal-2\/#primaryimage\",\"url\":\"https:\/\/aliciadiago.com\/particulares\/wp-content\/uploads\/sites\/4\/2020\/03\/alicia-diago-coach-personal-mindfulness-burnout-parental-corona-virus-gestion-miedo-ansiedad-incertidumbre-emocional-online-practica-atencion-pensamiento-de-lo-que-se-piensa-se-cria-3.jpgwp-content\/uploads\/sites\/4\/2022\/08\/Post-de-instagram-empoderamiento-femenino-amor-propio-rosa-azul-1.pngwp-content\/uploads\/sites\/4\/2022\/08\/Post-de-instagram-empoderamiento-femenino-amor-propio-rosa-azul.pngwp-content\/uploads\/2020\/10\/S%C3%8DMBOL_3-1-150x150.png\",\"contentUrl\":\"https:\/\/aliciadiago.com\/particulares\/wp-content\/uploads\/sites\/4\/2020\/03\/alicia-diago-coach-personal-mindfulness-burnout-parental-corona-virus-gestion-miedo-ansiedad-incertidumbre-emocional-online-practica-atencion-pensamiento-de-lo-que-se-piensa-se-cria-3.jpgwp-content\/uploads\/sites\/4\/2022\/08\/Post-de-instagram-empoderamiento-femenino-amor-propio-rosa-azul-1.pngwp-content\/uploads\/sites\/4\/2022\/08\/Post-de-instagram-empoderamiento-femenino-amor-propio-rosa-azul.pngwp-content\/uploads\/2020\/10\/S%C3%8DMBOL_3-1-150x150.png\"},{\"@type\":\"BreadcrumbList\",\"@id\":\"https:\/\/aliciadiago.com\/particulares\/aviso-legal-2\/#breadcrumb\",\"itemListElement\":[{\"@type\":\"ListItem\",\"position\":1,\"name\":\"Portada\",\"item\":\"https:\/\/aliciadiago.com\/particulares\/\"},{\"@type\":\"ListItem\",\"position\":2,\"name\":\"Aviso legal\"}]},{\"@type\":\"WebSite\",\"@id\":\"https:\/\/aliciadiago.com\/particulares\/#website\",\"url\":\"https:\/\/aliciadiago.com\/particulares\/\",\"name\":\"Alicia Diago | Particulares\",\"description\":\"\",\"potentialAction\":[{\"@type\":\"SearchAction\",\"target\":{\"@type\":\"EntryPoint\",\"urlTemplate\":\"https:\/\/aliciadiago.com\/particulares\/?s={search_term_string}\"},\"query-input\":{\"@type\":\"PropertyValueSpecification\",\"valueRequired\":true,\"valueName\":\"search_term_string\"}}],\"inLanguage\":\"es\"}]}<\/script>\n<!-- \/ Yoast SEO plugin. -->","yoast_head_json":{"title":"Aviso legal - Alicia Diago | Particulares","robots":{"index":"index","follow":"follow","max-snippet":"max-snippet:-1","max-image-preview":"max-image-preview:large","max-video-preview":"max-video-preview:-1"},"canonical":"https:\/\/aliciadiago.com\/particulares\/aviso-legal-2\/","og_locale":"es_ES","og_type":"article","og_title":"Aviso legal - Alicia Diago | Particulares","og_description":"&nbsp; AVISO LEGAL \u00a0 En cumplimiento del Reglamento Europeo 2016\/679 del 27 de abril (RGPD), de Protecci\u00f3n de Datos de Car\u00e1cter Personal, Alicia Diago, facilita a [\u2026]","og_url":"https:\/\/aliciadiago.com\/particulares\/aviso-legal-2\/","og_site_name":"Alicia Diago | Particulares","og_image":[{"url":"https:\/\/aliciadiago.com\/particulares\/wp-content\/uploads\/sites\/4\/2022\/08\/Post-de-instagram-empoderamiento-femenino-amor-propio-rosa-azul-1.pngwp-content\/uploads\/sites\/4\/2022\/08\/Post-de-instagram-empoderamiento-femenino-amor-propio-rosa-azul.pngwp-content\/uploads\/2020\/10\/S%C3%8DMBOL_3-1-150x150.png","type":"","width":"","height":""}],"twitter_card":"summary_large_image","twitter_misc":{"Tiempo de lectura":"6 minutos"},"schema":{"@context":"https:\/\/schema.org","@graph":[{"@type":"WebPage","@id":"https:\/\/aliciadiago.com\/particulares\/aviso-legal-2\/","url":"https:\/\/aliciadiago.com\/particulares\/aviso-legal-2\/","name":"Aviso legal - Alicia Diago | Particulares","isPartOf":{"@id":"https:\/\/aliciadiago.com\/particulares\/#website"},"primaryImageOfPage":{"@id":"https:\/\/aliciadiago.com\/particulares\/aviso-legal-2\/#primaryimage"},"image":{"@id":"https:\/\/aliciadiago.com\/particulares\/aviso-legal-2\/#primaryimage"},"thumbnailUrl":"https:\/\/aliciadiago.com\/particulares\/wp-content\/uploads\/sites\/4\/2020\/03\/alicia-diago-coach-personal-mindfulness-burnout-parental-corona-virus-gestion-miedo-ansiedad-incertidumbre-emocional-online-practica-atencion-pensamiento-de-lo-que-se-piensa-se-cria-3.jpgwp-content\/uploads\/sites\/4\/2022\/08\/Post-de-instagram-empoderamiento-femenino-amor-propio-rosa-azul-1.pngwp-content\/uploads\/sites\/4\/2022\/08\/Post-de-instagram-empoderamiento-femenino-amor-propio-rosa-azul.pngwp-content\/uploads\/2020\/10\/S%C3%8DMBOL_3-1-150x150.png","datePublished":"2019-05-22T15:29:21+00:00","breadcrumb":{"@id":"https:\/\/aliciadiago.com\/particulares\/aviso-legal-2\/#breadcrumb"},"inLanguage":"es","potentialAction":[{"@type":"ReadAction","target":["https:\/\/aliciadiago.com\/particulares\/aviso-legal-2\/"]}]},{"@type":"ImageObject","inLanguage":"es","@id":"https:\/\/aliciadiago.com\/particulares\/aviso-legal-2\/#primaryimage","url":"https:\/\/aliciadiago.com\/particulares\/wp-content\/uploads\/sites\/4\/2020\/03\/alicia-diago-coach-personal-mindfulness-burnout-parental-corona-virus-gestion-miedo-ansiedad-incertidumbre-emocional-online-practica-atencion-pensamiento-de-lo-que-se-piensa-se-cria-3.jpgwp-content\/uploads\/sites\/4\/2022\/08\/Post-de-instagram-empoderamiento-femenino-amor-propio-rosa-azul-1.pngwp-content\/uploads\/sites\/4\/2022\/08\/Post-de-instagram-empoderamiento-femenino-amor-propio-rosa-azul.pngwp-content\/uploads\/2020\/10\/S%C3%8DMBOL_3-1-150x150.png","contentUrl":"https:\/\/aliciadiago.com\/particulares\/wp-content\/uploads\/sites\/4\/2020\/03\/alicia-diago-coach-personal-mindfulness-burnout-parental-corona-virus-gestion-miedo-ansiedad-incertidumbre-emocional-online-practica-atencion-pensamiento-de-lo-que-se-piensa-se-cria-3.jpgwp-content\/uploads\/sites\/4\/2022\/08\/Post-de-instagram-empoderamiento-femenino-amor-propio-rosa-azul-1.pngwp-content\/uploads\/sites\/4\/2022\/08\/Post-de-instagram-empoderamiento-femenino-amor-propio-rosa-azul.pngwp-content\/uploads\/2020\/10\/S%C3%8DMBOL_3-1-150x150.png"},{"@type":"BreadcrumbList","@id":"https:\/\/aliciadiago.com\/particulares\/aviso-legal-2\/#breadcrumb","itemListElement":[{"@type":"ListItem","position":1,"name":"Portada","item":"https:\/\/aliciadiago.com\/particulares\/"},{"@type":"ListItem","position":2,"name":"Aviso legal"}]},{"@type":"WebSite","@id":"https:\/\/aliciadiago.com\/particulares\/#website","url":"https:\/\/aliciadiago.com\/particulares\/","name":"Alicia Diago | Particulares","description":"","potentialAction":[{"@type":"SearchAction","target":{"@type":"EntryPoint","urlTemplate":"https:\/\/aliciadiago.com\/particulares\/?s={search_term_string}"},"query-input":{"@type":"PropertyValueSpecification","valueRequired":true,"valueName":"search_term_string"}}],"inLanguage":"es"}]}},"uagb_featured_image_src":{"full":false,"thumbnail":false,"medium":false,"medium_large":false,"large":false,"1536x1536":false,"2048x2048":false,"post-thumbnail":false,"50x50":false,"clients-slider":false,"slider-content":false,"testimonials":false,"blog-navi":false,"portfolio-mf":false,"portfolio-mf-w":false,"portfolio-mf-t":false,"portfolio-list":false,"blog-portfolio":false,"blog-single":false},"uagb_author_info":{"display_name":"admin","author_link":"https:\/\/aliciadiago.com\/particulares\/author\/admin\/"},"uagb_comment_info":0,"uagb_excerpt":"&nbsp; AVISO LEGAL \u00a0 En cumplimiento del Reglamento Europeo 2016\/679 del 27 de abril (RGPD), de Protecci\u00f3n de Datos de Car\u00e1cter Personal, Alicia Diago, facilita a [\u2026]","_links":{"self":[{"href":"https:\/\/aliciadiago.com\/particulares\/wp-json\/wp\/v2\/pages\/4223","targetHints":{"allow":["GET"]}}],"collection":[{"href":"https:\/\/aliciadiago.com\/particulares\/wp-json\/wp\/v2\/pages"}],"about":[{"href":"https:\/\/aliciadiago.com\/particulares\/wp-json\/wp\/v2\/types\/page"}],"author":[{"embeddable":true,"href":"https:\/\/aliciadiago.com\/particulares\/wp-json\/wp\/v2\/users\/1"}],"replies":[{"embeddable":true,"href":"https:\/\/aliciadiago.com\/particulares\/wp-json\/wp\/v2\/comments?post=4223"}],"version-history":[{"count":0,"href":"https:\/\/aliciadiago.com\/particulares\/wp-json\/wp\/v2\/pages\/4223\/revisions"}],"wp:attachment":[{"href":"https:\/\/aliciadiago.com\/particulares\/wp-json\/wp\/v2\/media?parent=4223"}],"curies":[{"name":"wp","href":"https:\/\/api.w.org\/{rel}","templated":true}]}}